{"id":1495,"date":"2016-07-06T10:32:23","date_gmt":"2016-07-06T10:32:23","guid":{"rendered":"https:\/\/moskito.es\/ca\/?page_id=1495"},"modified":"2024-03-22T13:28:42","modified_gmt":"2024-03-22T13:28:42","slug":"fusta-per-a-interiors","status":"publish","type":"page","link":"https:\/\/moskito.es\/ca\/producte\/fusta-per-a-interiors\/","title":{"rendered":"Fusta per a interiors"},"content":{"rendered":"<div class=\"fusion-fullwidth fullwidth-box fusion-builder-row-1 fusion-flex-container nonhundred-percent-fullwidth non-hundred-percent-height-scrolling\" style=\"--awb-border-radius-top-left:0px;--awb-border-radius-top-right:0px;--awb-border-radius-bottom-right:0px;--awb-border-radius-bottom-left:0px;--awb-flex-wrap:wrap;\" ><div class=\"fusion-builder-row fusion-row fusion-flex-align-items-flex-start fusion-flex-content-wrap\" style=\"max-width:calc( 1145px + 0px );margin-left: calc(-0px \/ 2 );margin-right: calc(-0px \/ 2 );\"><div class=\"fusion-layout-column fusion_builder_column fusion-builder-column-0 fusion_builder_column_2_3 2_3 fusion-flex-column cajas-madera\" style=\"--awb-bg-size:cover;--awb-width-large:66.666666666667%;--awb-margin-top-large:0px;--awb-spacing-right-large:0px;--awb-margin-bottom-large:20px;--awb-spacing-left-large:0px;--awb-width-medium:100%;--awb-order-medium:0;--awb-spacing-right-medium:0px;--awb-spacing-left-medium:0px;--awb-width-small:100%;--awb-order-small:0;--awb-spacing-right-small:0px;--awb-spacing-left-small:0px;\"><div class=\"fusion-column-wrapper fusion-column-has-shadow fusion-flex-justify-content-flex-start fusion-content-layout-column\"><div class=\"fusion-builder-row fusion-builder-row-inner fusion-row fusion-flex-align-items-flex-start fusion-flex-content-wrap\" style=\"--awb-flex-grow:0;--awb-flex-grow-medium:0;--awb-flex-grow-small:0;--awb-flex-shrink:0;--awb-flex-shrink-medium:0;--awb-flex-shrink-small:0;width:calc( 100% + 0px ) !important;max-width:calc( 100% + 0px ) !important;margin-left: calc(-0px \/ 2 );margin-right: calc(-0px \/ 2 );\"><div class=\"fusion-layout-column fusion_builder_column_inner fusion-builder-nested-column-0 fusion_builder_column_inner_1_2 1_2 fusion-flex-column\" style=\"--awb-padding-right:10px;--awb-bg-size:cover;--awb-width-large:50%;--awb-margin-top-large:0px;--awb-spacing-right-large:10px;--awb-margin-bottom-large:20px;--awb-spacing-left-large:0px;--awb-width-medium:100%;--awb-order-medium:0;--awb-spacing-right-medium:0px;--awb-spacing-left-medium:0px;--awb-width-small:100%;--awb-order-small:0;--awb-spacing-right-small:0px;--awb-spacing-left-small:0px;\"><div class=\"fusion-column-wrapper fusion-column-has-shadow fusion-flex-justify-content-flex-start fusion-content-layout-column\"><div class=\"fusion-text fusion-text-1\"><p><a href=\"\/ca\/producte\/fusta-per-a-interiors\/natural\/\"><img decoding=\"async\" class=\"alignnone size-full wp-image-4432\" src=\"https:\/\/moskito.es\/wp-content\/uploads\/2016\/05\/Moskito-parquets-barcelona-natural-producto-madera.jpg\" alt=\"Moskito parquet Barcelona madera natural\" width=\"344\" height=\"213\" srcset=\"https:\/\/moskito.es\/wp-content\/uploads\/2016\/05\/Moskito-parquets-barcelona-natural-producto-madera-200x124.jpg 200w, https:\/\/moskito.es\/wp-content\/uploads\/2016\/05\/Moskito-parquets-barcelona-natural-producto-madera-300x186.jpg 300w, https:\/\/moskito.es\/wp-content\/uploads\/2016\/05\/Moskito-parquets-barcelona-natural-producto-madera.jpg 344w\" sizes=\"(max-width: 344px) 100vw, 344px\" \/><\/a><\/p>\n<p><strong>NATURAL<\/strong><\/p>\n<\/div><div class=\"fusion-separator fusion-full-width-sep\" style=\"align-self: center;margin-left: auto;margin-right: auto;margin-top:-15px;margin-bottom:6px;width:100%;\"><div class=\"fusion-separator-border sep-single sep-dotted\" style=\"--awb-height:20px;--awb-amount:20px;--awb-sep-color:#f39200;border-color:#f39200;border-top-width:2px;\"><\/div><\/div><div class=\"fusion-text fusion-text-2\"><p>Parquets de colors naturals per als que no passa el temps i romanen a modes i tend\u00e8ncies.<br \/>\nEls nostres paviments provenen de roures seleccionats de manera meticulosa, de creixement lent i gran estabilitat.<\/p>\n<\/div><div style=\"text-align:left;\"><a class=\"fusion-button button-flat fusion-button-default-size button-default fusion-button-default button-1 fusion-button-default-span fusion-button-default-type\" target=\"_self\" href=\"\/ca\/producte\/fusta-per-a-interiors\/natural\/\"><span class=\"fusion-button-text awb-button__text awb-button__text--default\">Saber m\u00e9s<\/span><\/a><\/div><\/div><\/div><div class=\"fusion-layout-column fusion_builder_column_inner fusion-builder-nested-column-1 fusion_builder_column_inner_1_2 1_2 fusion-flex-column\" style=\"--awb-bg-size:cover;--awb-width-large:50%;--awb-margin-top-large:0px;--awb-spacing-right-large:0px;--awb-margin-bottom-large:20px;--awb-spacing-left-large:0px;--awb-width-medium:100%;--awb-spacing-right-medium:0px;--awb-spacing-left-medium:0px;--awb-width-small:100%;--awb-spacing-right-small:0px;--awb-spacing-left-small:0px;\"><div class=\"fusion-column-wrapper fusion-flex-justify-content-flex-start fusion-content-layout-column\"><div class=\"fusion-text fusion-text-3\"><p><a href=\"\/ca\/producte\/fusta-per-a-interiors\/epoca\"><img decoding=\"async\" class=\"alignnone wp-image-458 size-full\" src=\"https:\/\/moskito.es\/wp-content\/uploads\/2016\/05\/Moskito-parquets-barcelona-epoca-producto-madera.jpg\" width=\"344\" height=\"213\" srcset=\"https:\/\/moskito.es\/wp-content\/uploads\/2016\/05\/Moskito-parquets-barcelona-epoca-producto-madera-200x124.jpg 200w, https:\/\/moskito.es\/wp-content\/uploads\/2016\/05\/Moskito-parquets-barcelona-epoca-producto-madera-300x186.jpg 300w, https:\/\/moskito.es\/wp-content\/uploads\/2016\/05\/Moskito-parquets-barcelona-epoca-producto-madera.jpg 344w\" sizes=\"(max-width: 344px) 100vw, 344px\" \/><\/a><\/p>\n<p><strong>\u00c9POCA<\/strong><\/p>\n<\/div><div class=\"fusion-separator fusion-full-width-sep\" style=\"align-self: center;margin-left: auto;margin-right: auto;margin-top:-15px;margin-bottom:6px;width:100%;\"><div class=\"fusion-separator-border sep-single sep-dotted\" style=\"--awb-height:20px;--awb-amount:20px;--awb-sep-color:#f39200;border-color:#f39200;border-top-width:2px;\"><\/div><\/div><div class=\"fusion-text fusion-text-4\"><p>Ens agrada com el temps altera l\u2019aparen\u00e7a natural de la fusta, especialment quan fa refer\u00e8ncia a l\u2019envelliment de l\u2019estructura i les seves p\u00e0tines. En aquesta col\u00b7lecci\u00f3 de parquets aconseguim de manera abreujada el que \u00e9s un proc\u00e9s de desgast al llarg del temps.<br \/>\nS\u00f2ls colpejats i envellits de gran valor al damunt d\u2019un parquet de luxe per al que el temps no passa.<\/p>\n<\/div><div style=\"text-align:left;\"><a class=\"fusion-button button-flat fusion-button-default-size button-default fusion-button-default button-2 fusion-button-default-span fusion-button-default-type\" target=\"_self\" href=\"\/ca\/producte\/fusta-per-a-interiors\/epoca\"><span class=\"fusion-button-text awb-button__text awb-button__text--default\">Saber m\u00e9s<\/span><\/a><\/div><\/div><\/div><div class=\"fusion-layout-column fusion_builder_column_inner fusion-builder-nested-column-2 fusion_builder_column_inner_1_2 1_2 fusion-flex-column\" style=\"--awb-padding-right:10px;--awb-bg-size:cover;--awb-width-large:50%;--awb-margin-top-large:0px;--awb-spacing-right-large:10px;--awb-margin-bottom-large:20px;--awb-spacing-left-large:0px;--awb-width-medium:100%;--awb-order-medium:0;--awb-spacing-right-medium:0px;--awb-spacing-left-medium:0px;--awb-width-small:100%;--awb-order-small:0;--awb-spacing-right-small:0px;--awb-spacing-left-small:0px;\"><div class=\"fusion-column-wrapper fusion-column-has-shadow fusion-flex-justify-content-flex-start fusion-content-layout-column\"><div class=\"fusion-text fusion-text-5\"><p><a href=\"\/ca\/producte\/fusta-per-a-interiors\/croma\"><img decoding=\"async\" class=\"alignnone wp-image-456 size-full\" src=\"https:\/\/moskito.es\/wp-content\/uploads\/2016\/05\/Moskito-parquets-barcelona-croma-producto-madera.jpg\" alt=\"Moskito parquet Barcelona madera croma\" width=\"344\" height=\"213\" srcset=\"https:\/\/moskito.es\/wp-content\/uploads\/2016\/05\/Moskito-parquets-barcelona-croma-producto-madera-200x124.jpg 200w, https:\/\/moskito.es\/wp-content\/uploads\/2016\/05\/Moskito-parquets-barcelona-croma-producto-madera-300x186.jpg 300w, https:\/\/moskito.es\/wp-content\/uploads\/2016\/05\/Moskito-parquets-barcelona-croma-producto-madera.jpg 344w\" sizes=\"(max-width: 344px) 100vw, 344px\" \/><\/a><\/p>\n<p><strong>CROMA<\/strong><\/p>\n<\/div><div class=\"fusion-separator fusion-full-width-sep\" style=\"align-self: center;margin-left: auto;margin-right: auto;margin-top:-15px;margin-bottom:6px;width:100%;\"><div class=\"fusion-separator-border sep-single sep-dotted\" style=\"--awb-height:20px;--awb-amount:20px;--awb-sep-color:#f39200;border-color:#f39200;border-top-width:2px;\"><\/div><\/div><div class=\"fusion-text fusion-text-6\"><p>Per a parets i terres. Colors amb una durabilitat impenetrable. Combinem els colors m\u00e9s nost\u00e0lgics per a aconseguir al mateix temps un estil modern i urb\u00e0. Cada color t\u00e9 la seva pr\u00f2pia hist\u00f2ria i \u00e9s el resultat de m\u00e9s de 15 anys d\u2019experi\u00e8ncia creant parquets i panells a la carta amb diferents estils. Tots els nostres colors s\u00f3n en base d\u2019aigua.<\/p>\n<\/div><div style=\"text-align:left;\"><a class=\"fusion-button button-flat fusion-button-default-size button-default fusion-button-default button-3 fusion-button-default-span fusion-button-default-type\" target=\"_self\" href=\"\/ca\/producte\/fusta-per-a-interiors\/croma\"><span class=\"fusion-button-text awb-button__text awb-button__text--default\">Saber m\u00e9s<\/span><\/a><\/div><\/div><\/div><div class=\"fusion-layout-column fusion_builder_column_inner fusion-builder-nested-column-3 fusion_builder_column_inner_1_2 1_2 fusion-flex-column\" style=\"--awb-bg-size:cover;--awb-width-large:50%;--awb-margin-top-large:0px;--awb-spacing-right-large:0px;--awb-margin-bottom-large:20px;--awb-spacing-left-large:0px;--awb-width-medium:100%;--awb-spacing-right-medium:0px;--awb-spacing-left-medium:0px;--awb-width-small:100%;--awb-spacing-right-small:0px;--awb-spacing-left-small:0px;\"><div class=\"fusion-column-wrapper fusion-flex-justify-content-flex-start fusion-content-layout-column\"><div class=\"fusion-text fusion-text-7\"><p><a href=\"\/ca\/producte\/fusta-per-a-interiors\/caracter\"><img decoding=\"async\" class=\"alignnone wp-image-455 size-full\" src=\"https:\/\/moskito.es\/wp-content\/uploads\/2016\/05\/Moskito-parquets-barcelona-caracter-producto-madera.jpg\" alt=\"Moskito parquet Barcelona madera car\u00e1cter\" width=\"344\" height=\"213\" srcset=\"https:\/\/moskito.es\/wp-content\/uploads\/2016\/05\/Moskito-parquets-barcelona-caracter-producto-madera-200x124.jpg 200w, https:\/\/moskito.es\/wp-content\/uploads\/2016\/05\/Moskito-parquets-barcelona-caracter-producto-madera-300x186.jpg 300w, https:\/\/moskito.es\/wp-content\/uploads\/2016\/05\/Moskito-parquets-barcelona-caracter-producto-madera.jpg 344w\" sizes=\"(max-width: 344px) 100vw, 344px\" \/><\/a><\/p>\n<p><strong>CAR\u00c1CTER<\/strong><\/p>\n<\/div><div class=\"fusion-separator fusion-full-width-sep\" style=\"align-self: center;margin-left: auto;margin-right: auto;margin-top:-15px;margin-bottom:6px;width:100%;\"><div class=\"fusion-separator-border sep-single sep-dotted\" style=\"--awb-height:20px;--awb-amount:20px;--awb-sep-color:#f39200;border-color:#f39200;border-top-width:2px;\"><\/div><\/div><div class=\"fusion-text fusion-text-8\"><p>Col\u00b7lecci\u00f3 inspirada per hist\u00f2ries de llargs viatges per misteriosos oceans i apassionats exploradors. Parquets amb superf\u00edcies desgastades, raspallats profunds que marquen el pas del temps amb noves t\u00e8cniques que aconsegueixen una profunda eleg\u00e0ncia, lluny de l\u2019ostentaci\u00f3. Harmonia per a la teva imaginaci\u00f3, for\u00e7a i bellesa.<\/p>\n<\/div><div style=\"text-align:left;\"><a class=\"fusion-button button-flat fusion-button-default-size button-default fusion-button-default button-4 fusion-button-default-span fusion-button-default-type\" target=\"_self\" href=\"\/ca\/producte\/fusta-per-a-interiors\/caracter\"><span class=\"fusion-button-text awb-button__text awb-button__text--default\">Saber m\u00e9s<\/span><\/a><\/div><\/div><\/div><div class=\"fusion-layout-column fusion_builder_column_inner fusion-builder-nested-column-4 fusion_builder_column_inner_1_2 1_2 fusion-flex-column\" style=\"--awb-padding-right:10px;--awb-bg-size:cover;--awb-width-large:50%;--awb-margin-top-large:0px;--awb-spacing-right-large:10px;--awb-margin-bottom-large:20px;--awb-spacing-left-large:0px;--awb-width-medium:100%;--awb-order-medium:0;--awb-spacing-right-medium:0px;--awb-spacing-left-medium:0px;--awb-width-small:100%;--awb-order-small:0;--awb-spacing-right-small:0px;--awb-spacing-left-small:0px;\"><div class=\"fusion-column-wrapper fusion-column-has-shadow fusion-flex-justify-content-flex-start fusion-content-layout-column\"><div class=\"fusion-text fusion-text-9\"><p><a href=\"\/ca\/producte\/fusta-per-a-interiors\/paneles-diseno\"><img decoding=\"async\" class=\"alignnone wp-image-460 size-full\" src=\"https:\/\/moskito.es\/wp-content\/uploads\/2016\/05\/Moskito-parquets-barcelona-paneles-diseno-producto-madera.jpg\" width=\"344\" height=\"213\" srcset=\"https:\/\/moskito.es\/wp-content\/uploads\/2016\/05\/Moskito-parquets-barcelona-paneles-diseno-producto-madera-200x124.jpg 200w, https:\/\/moskito.es\/wp-content\/uploads\/2016\/05\/Moskito-parquets-barcelona-paneles-diseno-producto-madera-300x186.jpg 300w, https:\/\/moskito.es\/wp-content\/uploads\/2016\/05\/Moskito-parquets-barcelona-paneles-diseno-producto-madera.jpg 344w\" sizes=\"(max-width: 344px) 100vw, 344px\" \/><\/a><\/p>\n<p><strong>PANELES Y\u00a0DISE\u00d1O<\/strong><\/p>\n<\/div><div class=\"fusion-separator fusion-full-width-sep\" style=\"align-self: center;margin-left: auto;margin-right: auto;margin-top:-15px;margin-bottom:6px;width:100%;\"><div class=\"fusion-separator-border sep-single sep-dotted\" style=\"--awb-height:20px;--awb-amount:20px;--awb-sep-color:#f39200;border-color:#f39200;border-top-width:2px;\"><\/div><\/div><div class=\"fusion-text fusion-text-10\"><p>S\u00f2ls de fusta en panells que has sigut, s\u00f3n i seran l\u2019epicentre d\u2019u s\u00f2l majestu\u00f3s. El major reconeixement en un s\u00f2l de fusta en un format Versailles. El s\u00edmbol de la reialesa i una classe social que va marcar una \u00e8poca. Parquets amb dissenys combinats d\u2019espigues i punt d\u2019Hongria que atorguen un estil cl\u00e0ssic atemporal de f\u00e0cil combinaci\u00f3 amb dissenys moderns.<\/p>\n<\/div><div style=\"text-align:left;\"><a class=\"fusion-button button-flat fusion-button-default-size button-default fusion-button-default button-5 fusion-button-default-span fusion-button-default-type\" target=\"_self\" href=\"\/ca\/producte\/fusta-per-a-interiors\/paneles-diseno\"><span class=\"fusion-button-text awb-button__text awb-button__text--default\">Saber m\u00e9s<\/span><\/a><\/div><\/div><\/div><div class=\"fusion-layout-column fusion_builder_column_inner fusion-builder-nested-column-5 fusion_builder_column_inner_1_2 1_2 fusion-flex-column\" style=\"--awb-bg-size:cover;--awb-width-large:50%;--awb-margin-top-large:0px;--awb-spacing-right-large:0px;--awb-margin-bottom-large:20px;--awb-spacing-left-large:0px;--awb-width-medium:100%;--awb-spacing-right-medium:0px;--awb-spacing-left-medium:0px;--awb-width-small:100%;--awb-spacing-right-small:0px;--awb-spacing-left-small:0px;\"><div class=\"fusion-column-wrapper fusion-flex-justify-content-flex-start fusion-content-layout-column\"><div class=\"fusion-text fusion-text-11\"><p><a href=\"\/ca\/producte\/fusta-per-a-interiors\/restaura\"><img decoding=\"async\" class=\"alignnone wp-image-462 size-full\" src=\"https:\/\/moskito.es\/wp-content\/uploads\/2016\/05\/Moskito-parquets-barcelona-restaura-producto-madera.jpg\" width=\"344\" height=\"213\" srcset=\"https:\/\/moskito.es\/wp-content\/uploads\/2016\/05\/Moskito-parquets-barcelona-restaura-producto-madera-200x124.jpg 200w, https:\/\/moskito.es\/wp-content\/uploads\/2016\/05\/Moskito-parquets-barcelona-restaura-producto-madera-300x186.jpg 300w, https:\/\/moskito.es\/wp-content\/uploads\/2016\/05\/Moskito-parquets-barcelona-restaura-producto-madera.jpg 344w\" sizes=\"(max-width: 344px) 100vw, 344px\" \/><\/a><\/p>\n<p><strong>RESTAURA<\/strong><\/p>\n<\/div><div class=\"fusion-separator fusion-full-width-sep\" style=\"align-self: center;margin-left: auto;margin-right: auto;margin-top:-15px;margin-bottom:6px;width:100%;\"><div class=\"fusion-separator-border sep-single sep-dotted\" style=\"--awb-height:20px;--awb-amount:20px;--awb-sep-color:#f39200;border-color:#f39200;border-top-width:2px;\"><\/div><\/div><div class=\"fusion-text fusion-text-12\"><p>La bellesa d\u2019una pe\u00e7a de fusta recuperada despr\u00e9s de molt temps. Entenem que la fusta recuperada \u00e9s un aut\u00e8ntic tresor i mant\u00e9 l\u2019honestedat dels nostres or\u00edgens, quan en els segles anteriors la fusta era el material b\u00e0sic de construcci\u00f3, sense electricitat ni maquin\u00e0ria. Fusta de graners americans, coves, granges o bigues del ferrocarril que van marcar una \u00e8poca i que ara la transformem per a la teva llar. Marcada pel pas del temps i amb l\u2019ajuda de mans expertes aconseguim un parquet \u00fanic i quasi una pe\u00e7a d\u2019art.<\/p>\n<\/div><div style=\"text-align:left;\"><a class=\"fusion-button button-flat fusion-button-default-size button-default fusion-button-default button-6 fusion-button-default-span fusion-button-default-type\" target=\"_self\" href=\"\/ca\/producte\/fusta-per-a-interiors\/restaura\"><span class=\"fusion-button-text awb-button__text awb-button__text--default\">Saber m\u00e9s<\/span><\/a><\/div><\/div><\/div><div class=\"fusion-layout-column fusion_builder_column_inner fusion-builder-nested-column-6 fusion_builder_column_inner_1_2 1_2 fusion-flex-column\" style=\"--awb-padding-right:10px;--awb-bg-size:cover;--awb-width-large:50%;--awb-margin-top-large:0px;--awb-spacing-right-large:10px;--awb-margin-bottom-large:20px;--awb-spacing-left-large:0px;--awb-width-medium:100%;--awb-order-medium:0;--awb-spacing-right-medium:0px;--awb-spacing-left-medium:0px;--awb-width-small:100%;--awb-order-small:0;--awb-spacing-right-small:0px;--awb-spacing-left-small:0px;\"><div class=\"fusion-column-wrapper fusion-column-has-shadow fusion-flex-justify-content-flex-start fusion-content-layout-column\"><div class=\"fusion-text fusion-text-13\"><p><a href=\"\/ca\/producte\/fusta-per-a-interiors\/xxl-xxs\"><img decoding=\"async\" class=\"alignnone wp-image-464 size-full\" src=\"https:\/\/moskito.es\/wp-content\/uploads\/2016\/05\/Moskito-parquets-barcelona-xxl-xxs-producto-madera.jpg\" width=\"344\" height=\"213\" srcset=\"https:\/\/moskito.es\/wp-content\/uploads\/2016\/05\/Moskito-parquets-barcelona-xxl-xxs-producto-madera-200x124.jpg 200w, https:\/\/moskito.es\/wp-content\/uploads\/2016\/05\/Moskito-parquets-barcelona-xxl-xxs-producto-madera-300x186.jpg 300w, https:\/\/moskito.es\/wp-content\/uploads\/2016\/05\/Moskito-parquets-barcelona-xxl-xxs-producto-madera.jpg 344w\" sizes=\"(max-width: 344px) 100vw, 344px\" \/><\/a><\/p>\n<p><strong>XXL &#8211; xxs<\/strong><\/p>\n<\/div><div class=\"fusion-separator fusion-full-width-sep\" style=\"align-self: center;margin-left: auto;margin-right: auto;margin-top:-15px;margin-bottom:6px;width:100%;\"><div class=\"fusion-separator-border sep-single sep-dotted\" style=\"--awb-height:20px;--awb-amount:20px;--awb-sep-color:#f39200;border-color:#f39200;border-top-width:2px;\"><\/div><\/div><div class=\"fusion-text fusion-text-14\"><p>Ens agrada buscar dimensions diferents. No tot ha de ser l\u2019habitual. Tant peces exquisides de m\u00e9s de 4 metres de llarg\u00e0ria i 300 mm d\u2019amplada, com parquet elegant i seleccionat en un format \u00fanic de 100 mm d\u2019amplada i llarg\u00e0ria variable.<\/p>\n<\/div><div style=\"text-align:left;\"><a class=\"fusion-button button-flat fusion-button-default-size button-default fusion-button-default button-7 fusion-button-default-span fusion-button-default-type\" target=\"_self\" href=\"\/ca\/producte\/fusta-per-a-interiors\/xxl-xxs\"><span class=\"fusion-button-text awb-button__text awb-button__text--default\">Saber m\u00e9s<\/span><\/a><\/div><\/div><\/div><div class=\"fusion-layout-column fusion_builder_column_inner fusion-builder-nested-column-7 fusion_builder_column_inner_1_2 1_2 fusion-flex-column\" style=\"--awb-bg-size:cover;--awb-width-large:50%;--awb-margin-top-large:0px;--awb-spacing-right-large:0px;--awb-margin-bottom-large:20px;--awb-spacing-left-large:0px;--awb-width-medium:100%;--awb-spacing-right-medium:0px;--awb-spacing-left-medium:0px;--awb-width-small:100%;--awb-spacing-right-small:0px;--awb-spacing-left-small:0px;\"><div class=\"fusion-column-wrapper fusion-flex-justify-content-flex-start fusion-content-layout-column\"><div class=\"fusion-text fusion-text-15\"><p><a href=\"\/ca\/producte\/fusta-per-a-interiors\/personal\"><img decoding=\"async\" class=\"alignnone wp-image-461 size-full\" src=\"https:\/\/moskito.es\/wp-content\/uploads\/2016\/05\/Moskito-parquets-barcelona-personal-producto-madera.jpg\" width=\"344\" height=\"213\" srcset=\"https:\/\/moskito.es\/wp-content\/uploads\/2016\/05\/Moskito-parquets-barcelona-personal-producto-madera-200x124.jpg 200w, https:\/\/moskito.es\/wp-content\/uploads\/2016\/05\/Moskito-parquets-barcelona-personal-producto-madera-300x186.jpg 300w, https:\/\/moskito.es\/wp-content\/uploads\/2016\/05\/Moskito-parquets-barcelona-personal-producto-madera.jpg 344w\" sizes=\"(max-width: 344px) 100vw, 344px\" \/><\/a><\/p>\n<p><strong>PERSONAL<\/strong><\/p>\n<\/div><div class=\"fusion-separator fusion-full-width-sep\" style=\"align-self: center;margin-left: auto;margin-right: auto;margin-top:-15px;margin-bottom:6px;width:100%;\"><div class=\"fusion-separator-border sep-single sep-dotted\" style=\"--awb-height:20px;--awb-amount:20px;--awb-sep-color:#f39200;border-color:#f39200;border-top-width:2px;\"><\/div><\/div><div class=\"fusion-text fusion-text-16\"><p>Cerquem all\u00f2 que el nostre client desitja. Personalitzem parquet a la carta i ens adaptem a les exig\u00e8ncies d\u2019interioristes i dissenyadors. Explica\u2019ns quin color vols i nosaltres te\u2019l facilitem.<\/p>\n<\/div><div style=\"text-align:left;\"><a class=\"fusion-button button-flat fusion-button-default-size button-default fusion-button-default button-8 fusion-button-default-span fusion-button-default-type\" target=\"_self\" href=\"\/ca\/producte\/fusta-per-a-interiors\/personal\"><span class=\"fusion-button-text awb-button__text awb-button__text--default\">Saber m\u00e9s<\/span><\/a><\/div><\/div><\/div><div class=\"fusion-layout-column fusion_builder_column_inner fusion-builder-nested-column-8 fusion_builder_column_inner_1_2 1_2 fusion-flex-column\" style=\"--awb-padding-right:10px;--awb-bg-size:cover;--awb-width-large:50%;--awb-margin-top-large:0px;--awb-spacing-right-large:10px;--awb-margin-bottom-large:20px;--awb-spacing-left-large:0px;--awb-width-medium:100%;--awb-order-medium:0;--awb-spacing-right-medium:0px;--awb-spacing-left-medium:0px;--awb-width-small:100%;--awb-order-small:0;--awb-spacing-right-small:0px;--awb-spacing-left-small:0px;\"><div class=\"fusion-column-wrapper fusion-column-has-shadow fusion-flex-justify-content-flex-start fusion-content-layout-column\"><div class=\"fusion-text fusion-text-17\"><p><a href=\"\/ca\/producte\/fusta-per-a-interiors\/vertical\"><img decoding=\"async\" class=\"alignnone wp-image-773 size-full\" src=\"https:\/\/moskito.es\/wp-content\/uploads\/2016\/06\/Moskito-parquets-barcelona-vertical-producto-madera.jpg\" width=\"344\" height=\"213\" srcset=\"https:\/\/moskito.es\/wp-content\/uploads\/2016\/06\/Moskito-parquets-barcelona-vertical-producto-madera-200x124.jpg 200w, https:\/\/moskito.es\/wp-content\/uploads\/2016\/06\/Moskito-parquets-barcelona-vertical-producto-madera-300x186.jpg 300w, https:\/\/moskito.es\/wp-content\/uploads\/2016\/06\/Moskito-parquets-barcelona-vertical-producto-madera.jpg 344w\" sizes=\"(max-width: 344px) 100vw, 344px\" \/><\/a><\/p>\n<p><strong>VERTICAL<\/strong><\/p>\n<\/div><div class=\"fusion-separator fusion-full-width-sep\" style=\"align-self: center;margin-left: auto;margin-right: auto;margin-top:-15px;margin-bottom:6px;width:100%;\"><div class=\"fusion-separator-border sep-single sep-dotted\" style=\"--awb-height:20px;--awb-amount:20px;--awb-sep-color:#f39200;border-color:#f39200;border-top-width:2px;\"><\/div><\/div><div class=\"fusion-text fusion-text-18\"><p>En la recerca d\u2019un ambient singular, t\u2019oferim la sol\u00b7luci\u00f3 per a espais interiors amb un disseny \u00fanic. L\u2019alta qualitat dels nostres paviments s\u2019adapta a les teves parets per a aconseguir harmonia en tres dimensions.<\/p>\n<\/div><div style=\"text-align:left;\"><a class=\"fusion-button button-flat fusion-button-default-size button-default fusion-button-default button-9 fusion-button-default-span fusion-button-default-type\" target=\"_self\" href=\"\/ca\/producte\/fusta-per-a-interiors\/vertical\"><span class=\"fusion-button-text awb-button__text awb-button__text--default\">Saber m\u00e9s<\/span><\/a><\/div><\/div><\/div><\/div><\/div><\/div><div class=\"fusion-layout-column fusion_builder_column fusion-builder-column-1 fusion_builder_column_1_3 1_3 fusion-flex-column col-pide-cita\" style=\"--awb-bg-size:cover;--awb-width-large:33.333333333333%;--awb-margin-top-large:0px;--awb-spacing-right-large:0px;--awb-margin-bottom-large:20px;--awb-spacing-left-large:calc( 0.04 * calc( 100% - 0px ) );--awb-width-medium:100%;--awb-order-medium:0;--awb-spacing-right-medium:0px;--awb-spacing-left-medium:0px;--awb-width-small:100%;--awb-order-small:0;--awb-spacing-right-small:0px;--awb-spacing-left-small:0px;\" data-scroll-devices=\"small-visibility,medium-visibility,large-visibility\"><div class=\"fusion-column-wrapper fusion-column-has-shadow fusion-flex-justify-content-flex-start fusion-content-layout-column\"><div class=\"fusion-builder-row fusion-builder-row-inner fusion-row fusion-flex-align-items-flex-start fusion-flex-content-wrap\" style=\"--awb-flex-grow:0;--awb-flex-grow-medium:0;--awb-flex-grow-small:0;--awb-flex-shrink:0;--awb-flex-shrink-medium:0;--awb-flex-shrink-small:0;width:calc( 100% + 0px ) !important;max-width:calc( 100% + 0px ) !important;margin-left: calc(-0px \/ 2 );margin-right: calc(-0px \/ 2 );\"><div class=\"fusion-layout-column fusion_builder_column_inner fusion-builder-nested-column-9 fusion_builder_column_inner_1_1 1_1 fusion-flex-column pide-cita\" style=\"--awb-padding-top:24px;--awb-padding-right:24px;--awb-padding-bottom:24px;--awb-padding-left:24px;--awb-bg-color:#434343;--awb-bg-color-hover:#434343;--awb-bg-image:url(&#039;https:\/\/moskito.es\/wp-content\/uploads\/2019\/03\/bg-picto-tel.png&#039;);--awb-bg-size:cover;--awb-width-large:100%;--awb-margin-top-large:0px;--awb-spacing-right-large:0px;--awb-margin-bottom-large:20px;--awb-spacing-left-large:0px;--awb-width-medium:100%;--awb-spacing-right-medium:0px;--awb-spacing-left-medium:0px;--awb-width-small:100%;--awb-spacing-right-small:0px;--awb-spacing-left-small:0px;\"><div class=\"fusion-column-wrapper fusion-flex-justify-content-flex-start fusion-content-layout-column fusion-column-has-bg-image\" data-bg-url=\"https:\/\/moskito.es\/wp-content\/uploads\/2019\/03\/bg-picto-tel.png\"><div class=\"fusion-text fusion-text-19 tit\"><p><strong>DEMANA CITA PR\u00c8VIA<\/strong><br \/>\nper a visitar el showroom<\/p>\n<\/div><div class=\"fusion-text fusion-text-20 telefono\"><p><a href=\"tel:+34937826426\"><i class=\"fb-icon-element-1 fb-icon-element fontawesome-icon fa-phone-alt fas circle-no fusion-text-flow\" style=\"--awb-font-size:24px;--awb-margin-right:12px;\"><\/i>937 826 426<\/a><\/p>\n<p><a class=\"_ymio1r31 _ypr0glyw _zcxs1o36 _mizu194a _1ah3dkaa _ra3xnqa1 _128mdkaa _1cvmnqa1 _4davt94y _4bfu1r31 _1hms8stv _ajmmnqa1 _vchhusvi _kqswh2mm _syaz13af _ect41gqc _1a3b1r31 _4fpr8stv _5goinqa1 _f8pj13af _9oik1r31 _1bnxglyw _jf4cnqa1 _30l313af _1nrm1r31 _c2waglyw _1iohnqa1 _9h8h12zz _10531ra0 _1ien1ra0 _n0fx1ra0 _1vhv17z1\" title=\"tel:+34630240130\" href=\"https:\/\/wa.me\/+34630240130\" data-renderer-mark=\"true\" data-is-router-link=\"false\" data-testid=\"link-with-safety\"><i class=\"fb-icon-element-2 fb-icon-element fontawesome-icon fa-whatsapp fab circle-no fusion-text-flow\" style=\"--awb-font-size:26px;--awb-margin-right:13px;\"><\/i>630 240 130<\/a><\/p>\n<\/div><div class=\"fusion-separator\" style=\"align-self: center;margin-left: auto;margin-right: auto;margin-top:10px;margin-bottom:7px;width:100%;max-width:85%;\"><div class=\"fusion-separator-border sep-single sep-dotted\" style=\"--awb-height:20px;--awb-amount:20px;--awb-sep-color:#dc911b;border-color:#dc911b;border-top-width:1px;\"><\/div><\/div><div class=\"fusion-text fusion-text-21 horario\"><p>De dilluns a divendres visites concertades<\/p>\n<\/div><\/div><\/div><\/div><div class=\"fusion-builder-row fusion-builder-row-inner fusion-row fusion-flex-align-items-flex-start fusion-flex-content-wrap\" style=\"--awb-flex-grow:0;--awb-flex-grow-medium:0;--awb-flex-grow-small:0;--awb-flex-shrink:0;--awb-flex-shrink-medium:0;--awb-flex-shrink-small:0;width:calc( 100% + 0px ) !important;max-width:calc( 100% + 0px ) !important;margin-left: calc(-0px \/ 2 );margin-right: calc(-0px \/ 2 );\"><div class=\"fusion-layout-column fusion_builder_column_inner fusion-builder-nested-column-10 fusion_builder_column_inner_1_1 1_1 fusion-flex-column\" style=\"--awb-padding-top:24px;--awb-padding-right:24px;--awb-padding-bottom:24px;--awb-padding-left:24px;--awb-bg-color:#434343;--awb-bg-color-hover:#434343;--awb-bg-image:url(&#039;https:\/\/moskito.es\/wp-content\/uploads\/2019\/03\/bg-picto-mail.png&#039;);--awb-bg-size:cover;--awb-width-large:100%;--awb-margin-top-large:0px;--awb-spacing-right-large:0px;--awb-margin-bottom-large:20px;--awb-spacing-left-large:0px;--awb-width-medium:100%;--awb-spacing-right-medium:0px;--awb-spacing-left-medium:0px;--awb-width-small:100%;--awb-spacing-right-small:0px;--awb-spacing-left-small:0px;\"><div class=\"fusion-column-wrapper fusion-flex-justify-content-flex-start fusion-content-layout-column fusion-column-has-bg-image\" data-bg-url=\"https:\/\/moskito.es\/wp-content\/uploads\/2019\/03\/bg-picto-mail.png\"><div class=\"fusion-text fusion-text-22 tit-formulario\"><p>Vols<br \/>\n<strong>m\u00e9s informaci\u00f3<\/strong>?<\/p>\n<\/div>\n<div class=\"wpcf7 no-js\" id=\"wpcf7-f5638-o1\" lang=\"es-ES\" dir=\"ltr\" data-wpcf7-id=\"5638\">\n<div class=\"screen-reader-response\"><p role=\"status\" aria-live=\"polite\" aria-atomic=\"true\"><\/p> <ul><\/ul><\/div>\n<form action=\"\/ca\/wp-json\/wp\/v2\/pages\/1495#wpcf7-f5638-o1\" method=\"post\" class=\"wpcf7-form init\" aria-label=\"Formulario de contacto\" novalidate=\"novalidate\" data-status=\"init\">\n<fieldset class=\"hidden-fields-container\"><input type=\"hidden\" name=\"_wpcf7\" value=\"5638\" \/><input type=\"hidden\" name=\"_wpcf7_version\" value=\"6.1.7\" \/><input type=\"hidden\" name=\"_wpcf7_locale\" value=\"es_ES\" \/><input type=\"hidden\" name=\"_wpcf7_unit_tag\" value=\"wpcf7-f5638-o1\" \/><input type=\"hidden\" name=\"_wpcf7_container_post\" value=\"0\" \/><input type=\"hidden\" name=\"_wpcf7_posted_data_hash\" value=\"\" \/>\n<\/fieldset>\n<p><span class=\"wpcf7-form-control-wrap\" data-name=\"your-name\"><input size=\"40\" maxlength=\"400\" class=\"wpcf7-form-control wpcf7-text wpcf7-validates-as-required\" aria-required=\"true\" aria-invalid=\"false\" placeholder=\"Nom i cognons (obligatori)\" value=\"\" type=\"text\" name=\"your-name\" \/><\/span><br \/>\n<span class=\"wpcf7-form-control-wrap\" data-name=\"your-email\"><input size=\"40\" maxlength=\"400\" class=\"wpcf7-form-control wpcf7-email wpcf7-validates-as-required wpcf7-text wpcf7-validates-as-email\" aria-required=\"true\" aria-invalid=\"false\" placeholder=\"Email (obligatori)\" value=\"\" type=\"email\" name=\"your-email\" \/><\/span><br \/>\n<span class=\"wpcf7-form-control-wrap\" data-name=\"telefono\"><input size=\"40\" maxlength=\"400\" class=\"wpcf7-form-control wpcf7-tel wpcf7-text wpcf7-validates-as-tel\" aria-invalid=\"false\" placeholder=\"Tel\u00e8fon\" value=\"\" type=\"tel\" name=\"telefono\" \/><\/span>\n<\/p>\n<div class=\"tipo-proyecto\">\n\t<p><span>Tipus de projecte<\/span><span class=\"wpcf7-form-control-wrap\" data-name=\"proyecto\"><span class=\"wpcf7-form-control wpcf7-radio\"><span class=\"wpcf7-list-item first\"><label><input type=\"radio\" name=\"proyecto\" value=\"Interior\" checked=\"checked\" \/><span class=\"wpcf7-list-item-label\">Interior<\/span><\/label><\/span><span class=\"wpcf7-list-item\"><label><input type=\"radio\" name=\"proyecto\" value=\"Casa particular\" \/><span class=\"wpcf7-list-item-label\">Casa particular<\/span><\/label><\/span><span class=\"wpcf7-list-item\"><label><input type=\"radio\" name=\"proyecto\" value=\"Oficina\" \/><span class=\"wpcf7-list-item-label\">Oficina<\/span><\/label><\/span><span class=\"wpcf7-list-item\"><label><input type=\"radio\" name=\"proyecto\" value=\"Local\" \/><span class=\"wpcf7-list-item-label\">Local<\/span><\/label><\/span><span class=\"wpcf7-list-item\"><label><input type=\"radio\" name=\"proyecto\" value=\"Contract\" \/><span class=\"wpcf7-list-item-label\">Contract<\/span><\/label><\/span><span class=\"wpcf7-list-item last\"><label><input type=\"radio\" name=\"proyecto\" value=\"Exterior\" \/><span class=\"wpcf7-list-item-label\">Exterior<\/span><\/label><\/span><\/span><\/span>\n\t<\/p>\n<\/div>\n<p><span class=\"wpcf7-form-control-wrap\" data-name=\"mensaje\"><textarea cols=\"40\" rows=\"10\" maxlength=\"2000\" class=\"wpcf7-form-control wpcf7-textarea wpcf7-validates-as-required\" aria-required=\"true\" aria-invalid=\"false\" placeholder=\"Missatge (obligatori)\" name=\"mensaje\"><\/textarea><\/span>\n<\/p>\n<div class=\"texto-legal\">\n\t<p>En compliment del que s'estableix en la normativa vigent de Protecci\u00f3 de Dades de Car\u00e0cter Personal, li comuniquem que les dades recollides en el present formulari quedaran incorporats i seran tractats en el fitxer denominat Usuaris Web sota la responsabilitat de MOSKITO ARTESANS DE PARKET, S.L. amb la finalitat de poder prestar els seus serveis, aix\u00ed com per a mantenir-me informat sobre q\u00fcestions relatives a l'activitat de l'empresa.<br \/>\nL'informem que les dades que ens faciliti seran tractats de manera lleial, transparent, adequada, pertinent, limitada, exacta i actualitzada i no es comunicaran o cediran a tercers, exceptuant que aquesta comunicaci\u00f3 sigui necess\u00e0ria o pugui suposar una millora per a la finalitat d'aquests, sempre concorde a la normativa vigent en mat\u00e8ria de protecci\u00f3 de dades, Reglament General de Protecci\u00f3 de Dades.<br \/>\nEn el cas que es produeixin canvis en algun de les dades facilitades, amb la finalitat de mantenir el nostre fitxer actualitzat, li preguem que ens el comuniqui per escrit.<br \/>\nL'informem de la possibilitat que t\u00e9 d'exercir els drets d'acc\u00e9s, rectificaci\u00f3, supressi\u00f3, oposici\u00f3, limitaci\u00f3 del tractament i portabilitat de les seves dades de car\u00e0cter personal de manera presencial en les oficines de MOSKITO ARTESANS DE PARKET T, S.L., acompanyant c\u00f2pia de DNI, o b\u00e9 mitjan\u00e7ant correu postal a C\/ DE L\u02bcESGL\u00c9SIA 4-10, 3r A de BARCELONA, 08024 BARCELONA, o correu electr\u00f2nic a PARQUET@MOSKITO.ES.\n\t<\/p>\n<\/div>\n<p><span class=\"wpcf7-form-control-wrap\" data-name=\"aceptacion\"><span class=\"wpcf7-form-control wpcf7-acceptance\"><span class=\"wpcf7-list-item\"><label><input type=\"checkbox\" name=\"aceptacion\" value=\"1\" aria-invalid=\"false\" \/><span class=\"wpcf7-list-item-label\">He llegit i accepto la <a href=\"https:\/\/moskito.es\/ca\/avis-legal\/\">pol\u00edtica de privacitat<\/a><\/span><\/label><\/span><\/span><\/span>\n<\/p>\n<div style=\"width:100%; clear: both; padding-top: 10px;\">\n<div class=\"wpcf7-turnstile cf-turnstile\" data-sitekey=\"0x4AAAAAADhSmALhbt9W2Txs\" data-response-field-name=\"_wpcf7_turnstile_response\" data-theme=\"light\"><\/div>\n<\/div>\n<p><input class=\"wpcf7-form-control wpcf7-submit has-spinner\" type=\"submit\" value=\"ENVIAR\" \/><br \/>\n<script> function gtag_report_conversion_masinfo(url) { var callback = function () { if (typeof(url) != 'undefined') { window.location = url; } }; return false; }<\/script>\n<\/p><div class=\"fusion-alert alert custom alert-custom fusion-alert-center wpcf7-response-output fusion-alert-capitalize awb-alert-native-link-color alert-dismissable awb-alert-close-boxed\" style=\"--awb-border-size:1px;--awb-border-top-left-radius:0px;--awb-border-top-right-radius:0px;--awb-border-bottom-left-radius:0px;--awb-border-bottom-right-radius:0px;\" role=\"alert\"><div class=\"fusion-alert-content-wrapper\"><span class=\"fusion-alert-content\"><\/span><\/div><button type=\"button\" class=\"close toggle-alert\" data-dismiss=\"alert\" aria-label=\"Close\">&times;<\/button><\/div>\n<\/form>\n<\/div>\n<\/div><\/div><\/div><\/div><\/div>\n<\/div><\/div>\n","protected":false},"excerpt":{"rendered":"","protected":false},"author":1,"featured_media":0,"parent":1488,"menu_order":0,"comment_status":"closed","ping_status":"closed","template":"","meta":{"footnotes":""},"class_list":["post-1495","page","type-page","status-publish","hentry"],"yoast_head":"<!-- This site is optimized with the Yoast SEO plugin v28.3 - https:\/\/yoast.com\/product\/yoast-seo-wordpress\/ -->\n<title>Col\u00b7lecci\u00f3 de paviments de fusta per a interiors<\/title>\n<meta name=\"description\" content=\"La col\u00b7lecci\u00f3 de paviments de fusta per a interiors de Moskito Barcelona \u00e9s \u00fanica, tarimes exclusives amb les millors fustes i dissenys per a interiors\" \/>\n<meta name=\"robots\" content=\"index, follow, max-snippet:-1, max-image-preview:large, max-video-preview:-1\" \/>\n<link rel=\"canonical\" href=\"https:\/\/moskito.es\/ca\/wp-json\/wp\/v2\/pages\/1495\" \/>\n<meta property=\"og:locale\" content=\"ca_ES\" \/>\n<meta property=\"og:type\" content=\"article\" \/>\n<meta property=\"og:title\" content=\"Col\u00b7lecci\u00f3 de paviments de fusta per a interiors\" \/>\n<meta property=\"og:description\" content=\"La col\u00b7lecci\u00f3 de paviments de fusta per a interiors de Moskito Barcelona \u00e9s \u00fanica, tarimes exclusives amb les millors fustes i dissenys per a interiors\" \/>\n<meta property=\"og:url\" content=\"https:\/\/moskito.es\/ca\/producte\/fusta-per-a-interiors\/\" \/>\n<meta property=\"og:site_name\" content=\"Moskito Parquets\" \/>\n<meta property=\"article:modified_time\" content=\"2024-03-22T13:28:42+00:00\" \/>\n<meta property=\"og:image\" content=\"https:\/\/moskito.es\/wp-content\/uploads\/2016\/05\/Moskito-parquets-barcelona-natural-producto-madera.jpg\" \/>\n<!-- \/ Yoast SEO plugin. -->","yoast_head_json":{"title":"Col\u00b7lecci\u00f3 de paviments de fusta per a interiors","description":"La col\u00b7lecci\u00f3 de paviments de fusta per a interiors de Moskito Barcelona \u00e9s \u00fanica, tarimes exclusives amb les millors fustes i dissenys per a interiors","robots":{"index":"index","follow":"follow","max-snippet":"max-snippet:-1","max-image-preview":"max-image-preview:large","max-video-preview":"max-video-preview:-1"},"canonical":"https:\/\/moskito.es\/ca\/wp-json\/wp\/v2\/pages\/1495","og_locale":"ca_ES","og_type":"article","og_title":"Col\u00b7lecci\u00f3 de paviments de fusta per a interiors","og_description":"La col\u00b7lecci\u00f3 de paviments de fusta per a interiors de Moskito Barcelona \u00e9s \u00fanica, tarimes exclusives amb les millors fustes i dissenys per a interiors","og_url":"https:\/\/moskito.es\/ca\/producte\/fusta-per-a-interiors\/","og_site_name":"Moskito Parquets","article_modified_time":"2024-03-22T13:28:42+00:00","og_image":[{"url":"https:\/\/moskito.es\/wp-content\/uploads\/2016\/05\/Moskito-parquets-barcelona-natural-producto-madera.jpg","type":"","width":"","height":""}],"schema":{"@context":"https:\/\/schema.org","@graph":[{"@type":"WebPage","@id":"https:\/\/moskito.es\/ca\/producte\/fusta-per-a-interiors\/","url":"https:\/\/moskito.es\/ca\/producte\/fusta-per-a-interiors\/","name":"Col\u00b7lecci\u00f3 de paviments de fusta per a interiors","isPartOf":{"@id":"https:\/\/moskito.es\/ca\/#website"},"primaryImageOfPage":{"@id":"https:\/\/moskito.es\/ca\/producte\/fusta-per-a-interiors\/#primaryimage"},"image":{"@id":"https:\/\/moskito.es\/ca\/producte\/fusta-per-a-interiors\/#primaryimage"},"thumbnailUrl":"https:\/\/moskito.es\/wp-content\/uploads\/2016\/05\/Moskito-parquets-barcelona-natural-producto-madera.jpg","datePublished":"2016-07-06T10:32:23+00:00","dateModified":"2024-03-22T13:28:42+00:00","description":"La col\u00b7lecci\u00f3 de paviments de fusta per a interiors de Moskito Barcelona \u00e9s \u00fanica, tarimes exclusives amb les millors fustes i dissenys per a interiors","breadcrumb":{"@id":"https:\/\/moskito.es\/ca\/producte\/fusta-per-a-interiors\/#breadcrumb"},"inLanguage":"ca","potentialAction":[{"@type":"ReadAction","target":["https:\/\/moskito.es\/ca\/producte\/fusta-per-a-interiors\/"]}]},{"@type":"ImageObject","inLanguage":"ca","@id":"https:\/\/moskito.es\/ca\/producte\/fusta-per-a-interiors\/#primaryimage","url":"https:\/\/moskito.es\/wp-content\/uploads\/2016\/05\/Moskito-parquets-barcelona-natural-producto-madera.jpg","contentUrl":"https:\/\/moskito.es\/wp-content\/uploads\/2016\/05\/Moskito-parquets-barcelona-natural-producto-madera.jpg"},{"@type":"BreadcrumbList","@id":"https:\/\/moskito.es\/ca\/producte\/fusta-per-a-interiors\/#breadcrumb","itemListElement":[{"@type":"ListItem","position":1,"name":"Portada","item":"https:\/\/moskito.es\/ca\/"},{"@type":"ListItem","position":2,"name":"Producte","item":"https:\/\/moskito.es\/ca\/producte\/"},{"@type":"ListItem","position":3,"name":"Fusta per a interiors"}]},{"@type":"WebSite","@id":"https:\/\/moskito.es\/ca\/#website","url":"https:\/\/moskito.es\/ca\/","name":"Parquets Moskito","description":"Los mejores parquets de Barcelona","publisher":{"@id":"https:\/\/moskito.es\/ca\/#organization"},"potentialAction":[{"@type":"SearchAction","target":{"@type":"EntryPoint","urlTemplate":"https:\/\/moskito.es\/ca\/?s={search_term_string}"},"query-input":{"@type":"PropertyValueSpecification","valueRequired":true,"valueName":"search_term_string"}}],"inLanguage":"ca"},{"@type":"Organization","@id":"https:\/\/moskito.es\/ca\/#organization","name":"Mokito","url":"https:\/\/moskito.es\/ca\/","logo":{"@type":"ImageObject","inLanguage":"ca","@id":"https:\/\/moskito.es\/ca\/#\/schema\/logo\/image\/","url":"https:\/\/moskito.es\/wp-content\/uploads\/2016\/04\/logotipo.png","contentUrl":"https:\/\/moskito.es\/wp-content\/uploads\/2016\/04\/logotipo.png","width":151,"height":58,"caption":"Mokito"},"image":{"@id":"https:\/\/moskito.es\/ca\/#\/schema\/logo\/image\/"}}]}},"_links":{"self":[{"href":"https:\/\/moskito.es\/ca\/wp-json\/wp\/v2\/pages\/1495","targetHints":{"allow":["GET"]}}],"collection":[{"href":"https:\/\/moskito.es\/ca\/wp-json\/wp\/v2\/pages"}],"about":[{"href":"https:\/\/moskito.es\/ca\/wp-json\/wp\/v2\/types\/page"}],"author":[{"embeddable":true,"href":"https:\/\/moskito.es\/ca\/wp-json\/wp\/v2\/users\/1"}],"replies":[{"embeddable":true,"href":"https:\/\/moskito.es\/ca\/wp-json\/wp\/v2\/comments?post=1495"}],"version-history":[{"count":0,"href":"https:\/\/moskito.es\/ca\/wp-json\/wp\/v2\/pages\/1495\/revisions"}],"up":[{"embeddable":true,"href":"https:\/\/moskito.es\/ca\/wp-json\/wp\/v2\/pages\/1488"}],"wp:attachment":[{"href":"https:\/\/moskito.es\/ca\/wp-json\/wp\/v2\/media?parent=1495"}],"curies":[{"name":"wp","href":"https:\/\/api.w.org\/{rel}","templated":true}]}}